{"id":3469,"date":"2026-08-30T20:46:57","date_gmt":"2026-08-31T00:46:57","guid":{"rendered":"https:\/\/institutocrearte.cl\/wp\/?post_type=product&#038;p=3469"},"modified":"2026-08-30T20:46:57","modified_gmt":"2026-08-31T00:46:57","slug":"imagen-y-estilo-personal","status":"publish","type":"product","link":"https:\/\/institutocrearte.cl\/wp\/producto\/imagen-y-estilo-personal\/","title":{"rendered":"Imagen y Estilo Personal"},"content":{"rendered":"<h2>\u00bfQu\u00e9 aprender\u00e1s?<\/h2>\n<h3>Estilos universales<\/h3>\n<ul>\n<li>Qu\u00e9 es el estilo personal.<\/li>\n<li>Identificaci\u00f3n de los estilos universales.<\/li>\n<li>Caracter\u00edsticas visuales de cada estilo.<\/li>\n<li>C\u00f3mo reconocer el estilo predominante.<\/li>\n<li>Combinaci\u00f3n y adaptaci\u00f3n de estilos.<\/li>\n<\/ul>\n<h3>Textiles y accesorios<\/h3>\n<ul>\n<li>Principales tipos de textiles y sus caracter\u00edsticas.<\/li>\n<li>Texturas, estampados y su efecto visual.<\/li>\n<li>Selecci\u00f3n de accesorios seg\u00fan estilo y ocasi\u00f3n.<\/li>\n<li>Complementos como herramientas para potenciar una imagen.<\/li>\n<\/ul>\n<h3>Tipolog\u00eda de cuerpos<\/h3>\n<ul>\n<li>Reconocimiento de diferentes tipolog\u00edas corporales.<\/li>\n<li>Proporciones y equilibrio visual.<\/li>\n<li>Selecci\u00f3n de prendas seg\u00fan caracter\u00edsticas personales.<\/li>\n<li>Recomendaciones para potenciar la imagen.<\/li>\n<\/ul>\n<h3>Guardarropa &amp; Personal Shopper<\/h3>\n<ul>\n<li>Organizaci\u00f3n y an\u00e1lisis del guardarropa.<\/li>\n<li>Prendas esenciales y fondo de armario.<\/li>\n<li>C\u00f3mo crear combinaciones m\u00e1s funcionales.<\/li>\n<li>Introducci\u00f3n al servicio de Personal Shopper.<\/li>\n<li>Criterios para seleccionar prendas y realizar compras estrat\u00e9gicas.<\/li>\n<\/ul>\n<h3>Etiqueta y protocolo<\/h3>\n<ul>\n<li>Imagen adecuada seg\u00fan contexto y ocasi\u00f3n.<\/li>\n<li>C\u00f3digos de vestuario.<\/li>\n<li>Presentaci\u00f3n personal.<\/li>\n<li>Principios b\u00e1sicos de etiqueta y protocolo.<\/li>\n<\/ul>\n<hr \/>\n<p style=\"text-align: center;\"><em>3 d\u00e9cadas de experiencia. Sedes presenciales en Santiago, Vi\u00f1a del Mar y Concepci\u00f3n Chile, para que contin\u00faes tus estudios. Escuela Internacional OnLine de Miami.<\/em><\/p>\n","protected":false},"excerpt":{"rendered":"<h2>Curso de Imagen y Estilo Personal<\/h2>\n<p><strong>Descubre c\u00f3mo potenciar la imagen a trav\u00e9s del estilo, las prendas y los accesorios.<\/strong><\/p>\n<p>Un curso pr\u00e1ctico de <strong>2 meses<\/strong> para aprender los principales fundamentos de la asesor\u00eda de imagen y aplicarlos tanto a nivel personal como en la orientaci\u00f3n de otras personas.<\/p>\n<p>Aprender\u00e1s a reconocer los <strong>estilos universales<\/strong>, analizar diferentes tipolog\u00edas, seleccionar prendas, textiles y accesorios, organizar un guardarropa funcional y desarrollar criterios para realizar recomendaciones de imagen.<\/p>\n<p>Tambi\u00e9n conocer\u00e1s herramientas utilizadas en servicios de <strong>Personal Shopper<\/strong>, junto con conceptos esenciales de etiqueta y protocolo.<\/p>\n<p>&nbsp;<\/p>\n<h2>\u00bfA qui\u00e9n est\u00e1 dirigido?<\/h2>\n<p>A personas interesadas en <strong>imagen, moda y estilo personal<\/strong>, que quieran adquirir herramientas para potenciar su propia imagen o comenzar a explorar el \u00e1rea de la asesor\u00eda de imagen.<\/p>\n<p><strong>No necesitas conocimientos previos.<\/strong><\/p>\n<h2>Modalidades<\/h2>\n<p><strong>MODALIDAD: Presencial y Online<\/strong><\/p>\n<p>\ud83d\udcc5 <strong>Inicio: 19 de octubre<\/strong><br \/>\n\u23f1\ufe0f <strong>Duraci\u00f3n: 2 meses<br \/>\n<\/strong><\/p>\n<p><strong>Valor mensual: $149.000<\/strong><\/p>\n<p>Una formaci\u00f3n breve y pr\u00e1ctica para comenzar a desarrollar una mirada profesional sobre el estilo y la imagen personal.<\/p>\n","protected":false},"featured_media":3470,"template":"","meta":{"_eb_attr":"","_monsterinsights_skip_tracking":false,"_monsterinsights_sitenote_active":false,"_monsterinsights_sitenote_note":"","_monsterinsights_sitenote_category":0},"product_brand":[],"product_cat":[269,230],"product_tag":[],"class_list":{"0":"post-3469","1":"product","2":"type-product","3":"status-publish","4":"has-post-thumbnail","6":"product_cat-destacados","7":"product_cat-accesorios","9":"first","10":"instock","11":"shipping-taxable","12":"purchasable","13":"product-type-simple"},"yoast_head":"<!-- This site is optimized with the Yoast SEO plugin v26.3 - https:\/\/yoast.com\/wordpress\/plugins\/seo\/ -->\n<title>Imagen y Estilo Personal - Instituto Crearte<\/title>\n<meta name=\"robots\" content=\"index, follow, max-snippet:-1, max-image-preview:large, max-video-preview:-1\" \/>\n<link rel=\"canonical\" href=\"https:\/\/institutocrearte.cl\/wp\/producto\/imagen-y-estilo-personal\/\" \/>\n<meta property=\"og:locale\" content=\"es_ES\" \/>\n<meta property=\"og:type\" content=\"article\" \/>\n<meta property=\"og:title\" content=\"Imagen y Estilo Personal - Instituto Crearte\" \/>\n<meta property=\"og:description\" content=\"Curso de Imagen y Estilo Personal Descubre c\u00f3mo potenciar la imagen a trav\u00e9s del estilo, las prendas y los accesorios.  Un curso pr\u00e1ctico de 2 meses para aprender los principales fundamentos de la asesor\u00eda de imagen y aplicarlos tanto a nivel personal como en la orientaci\u00f3n de otras personas.  Aprender\u00e1s a reconocer los estilos universales, analizar diferentes tipolog\u00edas, seleccionar prendas, textiles y accesorios, organizar un guardarropa funcional y desarrollar criterios para realizar recomendaciones de imagen.  Tambi\u00e9n conocer\u00e1s herramientas utilizadas en servicios de Personal Shopper, junto con conceptos esenciales de etiqueta y protocolo.  &nbsp; \u00bfA qui\u00e9n est\u00e1 dirigido? A personas interesadas en imagen, moda y estilo personal, que quieran adquirir herramientas para potenciar su propia imagen o comenzar a explorar el \u00e1rea de la asesor\u00eda de imagen.  No necesitas conocimientos previos. Modalidades MODALIDAD: Presencial y Online  \ud83d\udcc5 Inicio: 19 de octubre \u23f1\ufe0f Duraci\u00f3n: 2 meses   Valor mensual: $149.000  Una formaci\u00f3n breve y pr\u00e1ctica para comenzar a desarrollar una mirada profesional sobre el estilo y la imagen personal.\" \/>\n<meta property=\"og:url\" content=\"https:\/\/institutocrearte.cl\/wp\/producto\/imagen-y-estilo-personal\/\" \/>\n<meta property=\"og:site_name\" content=\"Instituto Crearte\" \/>\n<meta property=\"article:publisher\" content=\"https:\/\/www.facebook.com\/crearteinstituto\" \/>\n<meta property=\"og:image\" content=\"https:\/\/institutocrearte.cl\/wp\/wp-content\/uploads\/2026\/08\/curso-de-imagen-personal.jpg\" \/>\n\t<meta property=\"og:image:width\" content=\"700\" \/>\n\t<meta property=\"og:image:height\" content=\"875\" \/>\n\t<meta property=\"og:image:type\" content=\"image\/jpeg\" \/>\n<meta name=\"twitter:card\" content=\"summary_large_image\" \/>\n<meta name=\"twitter:site\" content=\"@CrearteChile\" \/>\n<meta name=\"twitter:label1\" content=\"Tiempo de lectura\" \/>\n\t<meta name=\"twitter:data1\" content=\"1 minuto\" \/>\n<script type=\"application\/ld+json\" class=\"yoast-schema-graph\">{\"@context\":\"https:\/\/schema.org\",\"@graph\":[{\"@type\":\"WebPage\",\"@id\":\"https:\/\/institutocrearte.cl\/wp\/producto\/imagen-y-estilo-personal\/\",\"url\":\"https:\/\/institutocrearte.cl\/wp\/producto\/imagen-y-estilo-personal\/\",\"name\":\"Imagen y Estilo Personal - Instituto Crearte\",\"isPartOf\":{\"@id\":\"https:\/\/institutocrearte.cl\/wp\/#website\"},\"primaryImageOfPage\":{\"@id\":\"https:\/\/institutocrearte.cl\/wp\/producto\/imagen-y-estilo-personal\/#primaryimage\"},\"image\":{\"@id\":\"https:\/\/institutocrearte.cl\/wp\/producto\/imagen-y-estilo-personal\/#primaryimage\"},\"thumbnailUrl\":\"https:\/\/institutocrearte.cl\/wp\/wp-content\/uploads\/2026\/08\/curso-de-imagen-personal.jpg\",\"datePublished\":\"2026-08-31T00:46:57+00:00\",\"breadcrumb\":{\"@id\":\"https:\/\/institutocrearte.cl\/wp\/producto\/imagen-y-estilo-personal\/#breadcrumb\"},\"inLanguage\":\"es\",\"potentialAction\":[{\"@type\":\"ReadAction\",\"target\":[\"https:\/\/institutocrearte.cl\/wp\/producto\/imagen-y-estilo-personal\/\"]}]},{\"@type\":\"ImageObject\",\"inLanguage\":\"es\",\"@id\":\"https:\/\/institutocrearte.cl\/wp\/producto\/imagen-y-estilo-personal\/#primaryimage\",\"url\":\"https:\/\/institutocrearte.cl\/wp\/wp-content\/uploads\/2026\/08\/curso-de-imagen-personal.jpg\",\"contentUrl\":\"https:\/\/institutocrearte.cl\/wp\/wp-content\/uploads\/2026\/08\/curso-de-imagen-personal.jpg\",\"width\":700,\"height\":875},{\"@type\":\"BreadcrumbList\",\"@id\":\"https:\/\/institutocrearte.cl\/wp\/producto\/imagen-y-estilo-personal\/#breadcrumb\",\"itemListElement\":[{\"@type\":\"ListItem\",\"position\":1,\"name\":\"Portada\",\"item\":\"https:\/\/institutocrearte.cl\/wp\/\"},{\"@type\":\"ListItem\",\"position\":2,\"name\":\"Todas las clases\",\"item\":\"https:\/\/institutocrearte.cl\/wp\/tienda\/\"},{\"@type\":\"ListItem\",\"position\":3,\"name\":\"Imagen y Estilo Personal\"}]},{\"@type\":\"WebSite\",\"@id\":\"https:\/\/institutocrearte.cl\/wp\/#website\",\"url\":\"https:\/\/institutocrearte.cl\/wp\/\",\"name\":\"Instituto Crearte\",\"description\":\"\",\"publisher\":{\"@id\":\"https:\/\/institutocrearte.cl\/wp\/#organization\"},\"potentialAction\":[{\"@type\":\"SearchAction\",\"target\":{\"@type\":\"EntryPoint\",\"urlTemplate\":\"https:\/\/institutocrearte.cl\/wp\/?s={search_term_string}\"},\"query-input\":{\"@type\":\"PropertyValueSpecification\",\"valueRequired\":true,\"valueName\":\"search_term_string\"}}],\"inLanguage\":\"es\"},{\"@type\":\"Organization\",\"@id\":\"https:\/\/institutocrearte.cl\/wp\/#organization\",\"name\":\"Instituto Crearte\",\"url\":\"https:\/\/institutocrearte.cl\/wp\/\",\"logo\":{\"@type\":\"ImageObject\",\"inLanguage\":\"es\",\"@id\":\"https:\/\/institutocrearte.cl\/wp\/#\/schema\/logo\/image\/\",\"url\":\"https:\/\/institutocrearte.cl\/wp\/wp-content\/uploads\/2020\/06\/logo.jpg\",\"contentUrl\":\"https:\/\/institutocrearte.cl\/wp\/wp-content\/uploads\/2020\/06\/logo.jpg\",\"width\":960,\"height\":960,\"caption\":\"Instituto Crearte\"},\"image\":{\"@id\":\"https:\/\/institutocrearte.cl\/wp\/#\/schema\/logo\/image\/\"},\"sameAs\":[\"https:\/\/www.facebook.com\/crearteinstituto\",\"https:\/\/x.com\/CrearteChile\",\"https:\/\/www.instagram.com\/institutocrearte\/\",\"https:\/\/www.youtube.com\/channel\/UCjChXIgoFYB_3fNorXKYEYg\"]}]}<\/script>\n<!-- \/ Yoast SEO plugin. -->","yoast_head_json":{"title":"Imagen y Estilo Personal - Instituto Crearte","robots":{"index":"index","follow":"follow","max-snippet":"max-snippet:-1","max-image-preview":"max-image-preview:large","max-video-preview":"max-video-preview:-1"},"canonical":"https:\/\/institutocrearte.cl\/wp\/producto\/imagen-y-estilo-personal\/","og_locale":"es_ES","og_type":"article","og_title":"Imagen y Estilo Personal - Instituto Crearte","og_description":"Curso de Imagen y Estilo Personal Descubre c\u00f3mo potenciar la imagen a trav\u00e9s del estilo, las prendas y los accesorios.  Un curso pr\u00e1ctico de 2 meses para aprender los principales fundamentos de la asesor\u00eda de imagen y aplicarlos tanto a nivel personal como en la orientaci\u00f3n de otras personas.  Aprender\u00e1s a reconocer los estilos universales, analizar diferentes tipolog\u00edas, seleccionar prendas, textiles y accesorios, organizar un guardarropa funcional y desarrollar criterios para realizar recomendaciones de imagen.  Tambi\u00e9n conocer\u00e1s herramientas utilizadas en servicios de Personal Shopper, junto con conceptos esenciales de etiqueta y protocolo.  &nbsp; \u00bfA qui\u00e9n est\u00e1 dirigido? A personas interesadas en imagen, moda y estilo personal, que quieran adquirir herramientas para potenciar su propia imagen o comenzar a explorar el \u00e1rea de la asesor\u00eda de imagen.  No necesitas conocimientos previos. Modalidades MODALIDAD: Presencial y Online  \ud83d\udcc5 Inicio: 19 de octubre \u23f1\ufe0f Duraci\u00f3n: 2 meses   Valor mensual: $149.000  Una formaci\u00f3n breve y pr\u00e1ctica para comenzar a desarrollar una mirada profesional sobre el estilo y la imagen personal.","og_url":"https:\/\/institutocrearte.cl\/wp\/producto\/imagen-y-estilo-personal\/","og_site_name":"Instituto Crearte","article_publisher":"https:\/\/www.facebook.com\/crearteinstituto","og_image":[{"width":700,"height":875,"url":"https:\/\/institutocrearte.cl\/wp\/wp-content\/uploads\/2026\/08\/curso-de-imagen-personal.jpg","type":"image\/jpeg"}],"twitter_card":"summary_large_image","twitter_site":"@CrearteChile","twitter_misc":{"Tiempo de lectura":"1 minuto"},"schema":{"@context":"https:\/\/schema.org","@graph":[{"@type":"WebPage","@id":"https:\/\/institutocrearte.cl\/wp\/producto\/imagen-y-estilo-personal\/","url":"https:\/\/institutocrearte.cl\/wp\/producto\/imagen-y-estilo-personal\/","name":"Imagen y Estilo Personal - Instituto Crearte","isPartOf":{"@id":"https:\/\/institutocrearte.cl\/wp\/#website"},"primaryImageOfPage":{"@id":"https:\/\/institutocrearte.cl\/wp\/producto\/imagen-y-estilo-personal\/#primaryimage"},"image":{"@id":"https:\/\/institutocrearte.cl\/wp\/producto\/imagen-y-estilo-personal\/#primaryimage"},"thumbnailUrl":"https:\/\/institutocrearte.cl\/wp\/wp-content\/uploads\/2026\/08\/curso-de-imagen-personal.jpg","datePublished":"2026-08-31T00:46:57+00:00","breadcrumb":{"@id":"https:\/\/institutocrearte.cl\/wp\/producto\/imagen-y-estilo-personal\/#breadcrumb"},"inLanguage":"es","potentialAction":[{"@type":"ReadAction","target":["https:\/\/institutocrearte.cl\/wp\/producto\/imagen-y-estilo-personal\/"]}]},{"@type":"ImageObject","inLanguage":"es","@id":"https:\/\/institutocrearte.cl\/wp\/producto\/imagen-y-estilo-personal\/#primaryimage","url":"https:\/\/institutocrearte.cl\/wp\/wp-content\/uploads\/2026\/08\/curso-de-imagen-personal.jpg","contentUrl":"https:\/\/institutocrearte.cl\/wp\/wp-content\/uploads\/2026\/08\/curso-de-imagen-personal.jpg","width":700,"height":875},{"@type":"BreadcrumbList","@id":"https:\/\/institutocrearte.cl\/wp\/producto\/imagen-y-estilo-personal\/#breadcrumb","itemListElement":[{"@type":"ListItem","position":1,"name":"Portada","item":"https:\/\/institutocrearte.cl\/wp\/"},{"@type":"ListItem","position":2,"name":"Todas las clases","item":"https:\/\/institutocrearte.cl\/wp\/tienda\/"},{"@type":"ListItem","position":3,"name":"Imagen y Estilo Personal"}]},{"@type":"WebSite","@id":"https:\/\/institutocrearte.cl\/wp\/#website","url":"https:\/\/institutocrearte.cl\/wp\/","name":"Instituto Crearte","description":"","publisher":{"@id":"https:\/\/institutocrearte.cl\/wp\/#organization"},"potentialAction":[{"@type":"SearchAction","target":{"@type":"EntryPoint","urlTemplate":"https:\/\/institutocrearte.cl\/wp\/?s={search_term_string}"},"query-input":{"@type":"PropertyValueSpecification","valueRequired":true,"valueName":"search_term_string"}}],"inLanguage":"es"},{"@type":"Organization","@id":"https:\/\/institutocrearte.cl\/wp\/#organization","name":"Instituto Crearte","url":"https:\/\/institutocrearte.cl\/wp\/","logo":{"@type":"ImageObject","inLanguage":"es","@id":"https:\/\/institutocrearte.cl\/wp\/#\/schema\/logo\/image\/","url":"https:\/\/institutocrearte.cl\/wp\/wp-content\/uploads\/2020\/06\/logo.jpg","contentUrl":"https:\/\/institutocrearte.cl\/wp\/wp-content\/uploads\/2020\/06\/logo.jpg","width":960,"height":960,"caption":"Instituto Crearte"},"image":{"@id":"https:\/\/institutocrearte.cl\/wp\/#\/schema\/logo\/image\/"},"sameAs":["https:\/\/www.facebook.com\/crearteinstituto","https:\/\/x.com\/CrearteChile","https:\/\/www.instagram.com\/institutocrearte\/","https:\/\/www.youtube.com\/channel\/UCjChXIgoFYB_3fNorXKYEYg"]}]}},"_links":{"self":[{"href":"https:\/\/institutocrearte.cl\/wp\/wp-json\/wp\/v2\/product\/3469","targetHints":{"allow":["GET"]}}],"collection":[{"href":"https:\/\/institutocrearte.cl\/wp\/wp-json\/wp\/v2\/product"}],"about":[{"href":"https:\/\/institutocrearte.cl\/wp\/wp-json\/wp\/v2\/types\/product"}],"wp:featuredmedia":[{"embeddable":true,"href":"https:\/\/institutocrearte.cl\/wp\/wp-json\/wp\/v2\/media\/3470"}],"wp:attachment":[{"href":"https:\/\/institutocrearte.cl\/wp\/wp-json\/wp\/v2\/media?parent=3469"}],"wp:term":[{"taxonomy":"product_brand","embeddable":true,"href":"https:\/\/institutocrearte.cl\/wp\/wp-json\/wp\/v2\/product_brand?post=3469"},{"taxonomy":"product_cat","embeddable":true,"href":"https:\/\/institutocrearte.cl\/wp\/wp-json\/wp\/v2\/product_cat?post=3469"},{"taxonomy":"product_tag","embeddable":true,"href":"https:\/\/institutocrearte.cl\/wp\/wp-json\/wp\/v2\/product_tag?post=3469"}],"curies":[{"name":"wp","href":"https:\/\/api.w.org\/{rel}","templated":true}]}}